{"id":18,"date":"2025-03-26T12:25:39","date_gmt":"2025-03-26T11:25:39","guid":{"rendered":"https:\/\/lejournalpes.fr\/?page_id=18"},"modified":"2026-08-30T12:58:00","modified_gmt":"2026-08-30T10:58:00","slug":"nos-videos","status":"publish","type":"page","link":"https:\/\/lejournalpes.fr\/index.php\/nos-videos\/","title":{"rendered":"NOS VIDEOS"},"content":{"rendered":"\n<h3 class=\"wp-block-heading\">Les \u00e9ditions pr\u00e9c\u00e9dentes : <\/h3>\n\n\n\n<figure class=\"wp-block-embed is-type-video is-provider-youtube wp-block-embed-youtube wp-embed-aspect-16-9 wp-has-aspect-ratio\"><div class=\"wp-block-embed__wrapper\">\n<iframe loading=\"lazy\" title=\"Journ&amp;apos;Alpes n\u00b028 : EDITION SPECIALE ETE, retour sur les dossiers !\" width=\"500\" height=\"281\" src=\"https:\/\/www.youtube.com\/embed\/3pIWD6NGMCM?feature=oembed\" frameborder=\"0\" allow=\"accelerometer; autoplay; clipboard-write; encrypted-media; gyroscope; picture-in-picture; web-share\" referrerpolicy=\"strict-origin-when-cross-origin\" allowfullscreen><\/iframe>\n<\/div><figcaption class=\"wp-element-caption\">Journ&rsquo;Alpes du 16 ao\u00fbt 2026<\/figcaption><\/figure>\n\n\n\n<figure class=\"wp-block-embed is-type-video is-provider-youtube wp-block-embed-youtube wp-embed-aspect-16-9 wp-has-aspect-ratio\"><div class=\"wp-block-embed__wrapper\">\n<iframe loading=\"lazy\" title=\"Lyon-Turin l&amp;apos;omerta, Chartreuse terre d&amp;apos;accueil, les plantes qui soignent, l&amp;apos;arbitraire de retour\" width=\"500\" height=\"281\" src=\"https:\/\/www.youtube.com\/embed\/MqnUujLCFf8?feature=oembed\" frameborder=\"0\" allow=\"accelerometer; autoplay; clipboard-write; encrypted-media; gyroscope; picture-in-picture; web-share\" referrerpolicy=\"strict-origin-when-cross-origin\" allowfullscreen><\/iframe>\n<\/div><figcaption class=\"wp-element-caption\">Journ&rsquo;Alpes du 2 ao\u00fbt 2026<\/figcaption><\/figure>\n\n\n\n<figure class=\"wp-block-embed is-type-video is-provider-youtube wp-block-embed-youtube wp-embed-aspect-16-9 wp-has-aspect-ratio\"><div class=\"wp-block-embed__wrapper\">\n<iframe loading=\"lazy\" title=\"Une famille bient\u00f4t \u00e0 la rue ? Le tunnelier hors-service ? de l&amp;apos;\u00e9lectricit\u00e9 locale \u00e7a existe !\" width=\"500\" height=\"281\" src=\"https:\/\/www.youtube.com\/embed\/TaoBmjaV424?feature=oembed\" frameborder=\"0\" allow=\"accelerometer; autoplay; clipboard-write; encrypted-media; gyroscope; picture-in-picture; web-share\" referrerpolicy=\"strict-origin-when-cross-origin\" allowfullscreen><\/iframe>\n<\/div><figcaption class=\"wp-element-caption\">Journ&rsquo;Alpes du 19 juillet 2026<\/figcaption><\/figure>\n\n\n\n<figure class=\"wp-block-embed is-type-video is-provider-youtube wp-block-embed-youtube wp-embed-aspect-16-9 wp-has-aspect-ratio\"><div class=\"wp-block-embed__wrapper\">\n<iframe loading=\"lazy\" title=\"Canicule, Montagne en danger, les budgets casse t\u00eate des Mairies !\" width=\"500\" height=\"281\" src=\"https:\/\/www.youtube.com\/embed\/H3bDWWKZz9w?feature=oembed\" frameborder=\"0\" allow=\"accelerometer; autoplay; clipboard-write; encrypted-media; gyroscope; picture-in-picture; web-share\" referrerpolicy=\"strict-origin-when-cross-origin\" allowfullscreen><\/iframe>\n<\/div><figcaption class=\"wp-element-caption\">Journ&rsquo;Alpes du 5 juillet 2026<\/figcaption><\/figure>\n\n\n\n<figure class=\"wp-block-embed is-type-video is-provider-youtube wp-block-embed-youtube wp-embed-aspect-16-9 wp-has-aspect-ratio\"><div class=\"wp-block-embed__wrapper\">\n<iframe loading=\"lazy\" title=\"Des femmes contre la guerre, des lyc\u00e9ens face \u00e0\u00a0 l&amp;apos;info, des v\u00e9los et beaucoup de cin\u00e9ma\" width=\"500\" height=\"281\" src=\"https:\/\/www.youtube.com\/embed\/C07xIp6nokw?feature=oembed\" frameborder=\"0\" allow=\"accelerometer; autoplay; clipboard-write; encrypted-media; gyroscope; picture-in-picture; web-share\" referrerpolicy=\"strict-origin-when-cross-origin\" allowfullscreen><\/iframe>\n<\/div><figcaption class=\"wp-element-caption\">Journ&rsquo;Alpes du 21 juin 2026<\/figcaption><\/figure>\n\n\n\n<figure class=\"wp-block-embed is-type-video is-provider-youtube wp-block-embed-youtube wp-embed-aspect-16-9 wp-has-aspect-ratio\"><div class=\"wp-block-embed__wrapper\">\n<iframe loading=\"lazy\" title=\"Comptes publics opaques, m\u00e9gachantiers, pilotes de ligne \u00e9co-anxieux\u2026 et m\u00e9sanges aux cin\u00e9ma\" width=\"500\" height=\"281\" src=\"https:\/\/www.youtube.com\/embed\/045aEqbH8As?feature=oembed\" frameborder=\"0\" allow=\"accelerometer; autoplay; clipboard-write; encrypted-media; gyroscope; picture-in-picture; web-share\" referrerpolicy=\"strict-origin-when-cross-origin\" allowfullscreen><\/iframe>\n<\/div><figcaption class=\"wp-element-caption\">Journ&rsquo;Alpes du 7 juin 2026<\/figcaption><\/figure>\n\n\n\n<figure class=\"wp-block-embed is-type-video is-provider-youtube wp-block-embed-youtube wp-embed-aspect-16-9 wp-has-aspect-ratio\"><div class=\"wp-block-embed__wrapper\">\n<iframe loading=\"lazy\" title=\"Le Journ&amp;apos;Alpes : Conf\u00e9rence de presse No-G7\" width=\"500\" height=\"281\" src=\"https:\/\/www.youtube.com\/embed\/wiZrjUZWcXk?feature=oembed\" frameborder=\"0\" allow=\"accelerometer; autoplay; clipboard-write; encrypted-media; gyroscope; picture-in-picture; web-share\" referrerpolicy=\"strict-origin-when-cross-origin\" allowfullscreen><\/iframe>\n<\/div><figcaption class=\"wp-element-caption\">Hors-s\u00e9rie 1er juin 2026 : G7<\/figcaption><\/figure>\n\n\n\n<figure class=\"wp-block-embed is-type-video is-provider-youtube wp-block-embed-youtube wp-embed-aspect-16-9 wp-has-aspect-ratio\"><div class=\"wp-block-embed__wrapper\">\n<iframe loading=\"lazy\" title=\"Jets priv\u00e9s,  marche des fiert\u00e9s, 8 mai et r\u00e9sistance\" width=\"500\" height=\"281\" src=\"https:\/\/www.youtube.com\/embed\/U9izop_CGpo?feature=oembed\" frameborder=\"0\" allow=\"accelerometer; autoplay; clipboard-write; encrypted-media; gyroscope; picture-in-picture; web-share\" referrerpolicy=\"strict-origin-when-cross-origin\" allowfullscreen><\/iframe>\n<\/div><figcaption class=\"wp-element-caption\">Journ&rsquo;Alpes du 24 mai 2026<\/figcaption><\/figure>\n\n\n\n<figure class=\"wp-block-embed is-type-video is-provider-youtube wp-block-embed-youtube wp-embed-aspect-16-9 wp-has-aspect-ratio\"><div class=\"wp-block-embed__wrapper\">\n<iframe loading=\"lazy\" title=\"Incendie en Maurienne, Du bruit en trop et de l&amp;apos;eau en moins, 1er mai et charte d&amp;apos;Amiens.\" width=\"500\" height=\"281\" src=\"https:\/\/www.youtube.com\/embed\/a_CJTFVJRYU?feature=oembed\" frameborder=\"0\" allow=\"accelerometer; autoplay; clipboard-write; encrypted-media; gyroscope; picture-in-picture; web-share\" referrerpolicy=\"strict-origin-when-cross-origin\" allowfullscreen><\/iframe>\n<\/div><figcaption class=\"wp-element-caption\">Journ&rsquo;Alpes du 10 mai 2026<\/figcaption><\/figure>\n\n\n\n<figure class=\"wp-block-embed is-type-video is-provider-youtube wp-block-embed-youtube wp-embed-aspect-16-9 wp-has-aspect-ratio\"><div class=\"wp-block-embed__wrapper\">\n<iframe loading=\"lazy\" title=\"Urgence agricole, libert\u00e9 de conscience et beaucoup de cin\u00e9ma\" width=\"500\" height=\"281\" src=\"https:\/\/www.youtube.com\/embed\/qJCkZCT5qWo?feature=oembed\" frameborder=\"0\" allow=\"accelerometer; autoplay; clipboard-write; encrypted-media; gyroscope; picture-in-picture; web-share\" referrerpolicy=\"strict-origin-when-cross-origin\" allowfullscreen><\/iframe>\n<\/div><figcaption class=\"wp-element-caption\">Journ&rsquo;Alpes du 26 avril 2026<\/figcaption><\/figure>\n\n\n\n<figure class=\"wp-block-embed is-type-video is-provider-youtube wp-block-embed-youtube wp-embed-aspect-16-9 wp-has-aspect-ratio\"><div class=\"wp-block-embed__wrapper\">\n<iframe loading=\"lazy\" title=\"Le Journ&amp;apos;Alpes : Entretien avec Philippe, un militant face \u00e0 la r\u00e9pression judiciaire\" width=\"500\" height=\"281\" src=\"https:\/\/www.youtube.com\/embed\/zIglisb-J08?feature=oembed\" frameborder=\"0\" allow=\"accelerometer; autoplay; clipboard-write; encrypted-media; gyroscope; picture-in-picture; web-share\" referrerpolicy=\"strict-origin-when-cross-origin\" allowfullscreen><\/iframe>\n<\/div><figcaption class=\"wp-element-caption\">Hors-s\u00e9rie : R\u00e9pression des militants \u00e9cologistes<\/figcaption><\/figure>\n\n\n\n<figure class=\"wp-block-embed is-type-video is-provider-youtube wp-block-embed-youtube wp-embed-aspect-16-9 wp-has-aspect-ratio\"><div class=\"wp-block-embed__wrapper\">\n<iframe loading=\"lazy\" title=\"L&amp;apos;a\u00e9rodr\u00f4me peine \u00e0 convaincre, les pesticides tuent toujours et la r\u00e9pression va bon train !\" width=\"500\" height=\"281\" src=\"https:\/\/www.youtube.com\/embed\/OAk5mi9FBus?feature=oembed\" frameborder=\"0\" allow=\"accelerometer; autoplay; clipboard-write; encrypted-media; gyroscope; picture-in-picture; web-share\" referrerpolicy=\"strict-origin-when-cross-origin\" allowfullscreen><\/iframe>\n<\/div><figcaption class=\"wp-element-caption\">Jopuirn&rsquo;Alpes du 12 avril 2026<\/figcaption><\/figure>\n\n\n\n<figure class=\"wp-block-embed is-type-video is-provider-youtube wp-block-embed-youtube wp-embed-aspect-16-9 wp-has-aspect-ratio\"><div class=\"wp-block-embed__wrapper\">\n<iframe loading=\"lazy\" title=\"Journ&amp;apos;Alpes n\u00b018 - Femmes dans l&amp;apos;agriculture, l&amp;apos;apr\u00e8s municipales, du nouveau dans le Journ&amp;apos;Alpes\" width=\"500\" height=\"281\" src=\"https:\/\/www.youtube.com\/embed\/zHb0hPqbtbQ?feature=oembed\" frameborder=\"0\" allow=\"accelerometer; autoplay; clipboard-write; encrypted-media; gyroscope; picture-in-picture; web-share\" referrerpolicy=\"strict-origin-when-cross-origin\" allowfullscreen><\/iframe>\n<\/div><figcaption class=\"wp-element-caption\">Journ&rsquo;Alpes du 29 mars 2026<\/figcaption><\/figure>\n\n\n\n<figure class=\"wp-block-embed is-type-video is-provider-youtube wp-block-embed-youtube wp-embed-aspect-16-9 wp-has-aspect-ratio\"><div class=\"wp-block-embed__wrapper\">\n<iframe loading=\"lazy\" title=\"Journ&amp;apos;Alpes n\u00b017 - Municipales citoyennes, M\u00e9dias et d\u00e9c\u00e8s de Q.Deranque, le Journ&amp;apos;Alpes avec vous !\" width=\"500\" height=\"281\" src=\"https:\/\/www.youtube.com\/embed\/BvgzgPOlPt4?feature=oembed\" frameborder=\"0\" allow=\"accelerometer; autoplay; clipboard-write; encrypted-media; gyroscope; picture-in-picture; web-share\" referrerpolicy=\"strict-origin-when-cross-origin\" allowfullscreen><\/iframe>\n<\/div><figcaption class=\"wp-element-caption\">Journ&rsquo;Alpes du 8 mars 2026<\/figcaption><\/figure>\n\n\n\n<figure class=\"wp-block-embed is-type-video is-provider-youtube wp-block-embed-youtube wp-embed-aspect-16-9 wp-has-aspect-ratio\"><div class=\"wp-block-embed__wrapper\">\n<iframe loading=\"lazy\" title=\"Journ&amp;apos;Alpes n\u00b016 - Prix de l&amp;apos;eau, Fin des pap\u00e8teries, Fakenews au gouvernement, Trump &amp; pol-ICE\" width=\"500\" height=\"281\" src=\"https:\/\/www.youtube.com\/embed\/F85iDAK4j_s?feature=oembed\" frameborder=\"0\" allow=\"accelerometer; autoplay; clipboard-write; encrypted-media; gyroscope; picture-in-picture; web-share\" referrerpolicy=\"strict-origin-when-cross-origin\" allowfullscreen><\/iframe>\n<\/div><figcaption class=\"wp-element-caption\">Journ&rsquo;Alpes du 15 f\u00e9vrier 2026<\/figcaption><\/figure>\n\n\n\n<figure class=\"wp-block-embed is-type-video is-provider-youtube wp-block-embed-youtube wp-embed-aspect-16-9 wp-has-aspect-ratio\"><div class=\"wp-block-embed__wrapper\">\n<iframe loading=\"lazy\" title=\"Journ&amp;apos;Alpes n\u00b015 - Budget, Grenouille &amp; Repr\u00e9sentation\" width=\"500\" height=\"281\" src=\"https:\/\/www.youtube.com\/embed\/MvfuOM6ux4U?feature=oembed\" frameborder=\"0\" allow=\"accelerometer; autoplay; clipboard-write; encrypted-media; gyroscope; picture-in-picture; web-share\" referrerpolicy=\"strict-origin-when-cross-origin\" allowfullscreen><\/iframe>\n<\/div><figcaption class=\"wp-element-caption\">Journ&rsquo;Alpes du 24 janvier 2026<\/figcaption><\/figure>\n\n\n\n<figure class=\"wp-block-embed is-type-video is-provider-youtube wp-block-embed-youtube wp-embed-aspect-16-9 wp-has-aspect-ratio\"><div class=\"wp-block-embed__wrapper\">\n<iframe loading=\"lazy\" title=\"Le JOURN&amp;apos;Alpes Le JT N\u00b09 - Patrimoine privatis\u00e9 \/ Absence de transparence\" width=\"500\" height=\"281\" src=\"https:\/\/www.youtube.com\/embed\/YGY03jM-lME?feature=oembed\" frameborder=\"0\" allow=\"accelerometer; autoplay; clipboard-write; encrypted-media; gyroscope; picture-in-picture; web-share\" referrerpolicy=\"strict-origin-when-cross-origin\" allowfullscreen><\/iframe>\n<\/div><figcaption class=\"wp-element-caption\">Journ&rsquo;Alpes du 21 septembre 2025<\/figcaption><\/figure>\n\n\n\n<figure class=\"wp-block-embed is-type-video is-provider-youtube wp-block-embed-youtube wp-embed-aspect-16-9 wp-has-aspect-ratio\"><div class=\"wp-block-embed__wrapper\">\n<iframe loading=\"lazy\" title=\"Le JOURN&amp;apos;Alpes Le JT N8 La rentr\u00e9e politique, \u00e9ducative, culturelle\" width=\"500\" height=\"281\" src=\"https:\/\/www.youtube.com\/embed\/OtISD6Pt-nk?feature=oembed\" frameborder=\"0\" allow=\"accelerometer; autoplay; clipboard-write; encrypted-media; gyroscope; picture-in-picture; web-share\" referrerpolicy=\"strict-origin-when-cross-origin\" allowfullscreen><\/iframe>\n<\/div><figcaption class=\"wp-element-caption\">Le Journ&rsquo;Alpes du 30 Ao\u00fbt 2025 <\/figcaption><\/figure>\n\n\n\n<figure class=\"wp-block-embed is-type-video is-provider-youtube wp-block-embed-youtube wp-embed-aspect-16-9 wp-has-aspect-ratio\"><div class=\"wp-block-embed__wrapper\">\n<iframe loading=\"lazy\" title=\"Le Journ&amp;apos;Alpes n\u00b07 - Tunnels, Barrages, Abattage de troupeaux, Arr\u00eat\u00e9s pr\u00e9fectoraux\" width=\"500\" height=\"281\" src=\"https:\/\/www.youtube.com\/embed\/Dpk9RLYyUVE?feature=oembed\" frameborder=\"0\" allow=\"accelerometer; autoplay; clipboard-write; encrypted-media; gyroscope; picture-in-picture; web-share\" referrerpolicy=\"strict-origin-when-cross-origin\" allowfullscreen><\/iframe>\n<\/div><figcaption class=\"wp-element-caption\">Le Journ&rsquo;Alpes du 10 Ao\u00fbt 2025<\/figcaption><\/figure>\n\n\n\n<figure class=\"wp-block-embed is-type-video is-provider-youtube wp-block-embed-youtube wp-embed-aspect-16-9 wp-has-aspect-ratio\"><div class=\"wp-block-embed__wrapper\">\n<iframe loading=\"lazy\" title=\"Le Journ&amp;apos;Alpes 6 - D\u00e9put\u00e9s : Un an de mandat pour quel bilan ?\" width=\"500\" height=\"281\" src=\"https:\/\/www.youtube.com\/embed\/GBDcg3-tmgY?feature=oembed\" frameborder=\"0\" allow=\"accelerometer; autoplay; clipboard-write; encrypted-media; gyroscope; picture-in-picture; web-share\" referrerpolicy=\"strict-origin-when-cross-origin\" allowfullscreen><\/iframe>\n<\/div><figcaption class=\"wp-element-caption\">Le Journ&rsquo;Alpes du 20 juillet 2025<\/figcaption><\/figure>\n\n\n\n<figure class=\"wp-block-embed is-type-video is-provider-youtube wp-block-embed-youtube wp-embed-aspect-16-9 wp-has-aspect-ratio\"><div class=\"wp-block-embed__wrapper\">\n<iframe loading=\"lazy\" title=\"Le Journ&amp;apos;Alpes - La Tarentaise sera-t-elle une poubelle SEVESO ?\" width=\"500\" height=\"281\" src=\"https:\/\/www.youtube.com\/embed\/U_9sTIVn-io?feature=oembed\" frameborder=\"0\" allow=\"accelerometer; autoplay; clipboard-write; encrypted-media; gyroscope; picture-in-picture; web-share\" referrerpolicy=\"strict-origin-when-cross-origin\" allowfullscreen><\/iframe>\n<\/div><figcaption class=\"wp-element-caption\">Le Jpurn&rsquo;Alpes, \u00e9dition du 29 juin 2025<\/figcaption><\/figure>\n\n\n\n<figure class=\"wp-block-embed is-type-video is-provider-youtube wp-block-embed-youtube wp-embed-aspect-16-9 wp-has-aspect-ratio\"><div class=\"wp-block-embed__wrapper\">\n<iframe loading=\"lazy\" title=\"Le Journ&amp;apos;Alpes, Maltraitance d&amp;apos;enfants en Savoie, l\u2019\u00c9tat savait\" width=\"500\" height=\"281\" src=\"https:\/\/www.youtube.com\/embed\/i69Yx0KEU1s?feature=oembed\" frameborder=\"0\" allow=\"accelerometer; autoplay; clipboard-write; encrypted-media; gyroscope; picture-in-picture; web-share\" referrerpolicy=\"strict-origin-when-cross-origin\" allowfullscreen><\/iframe>\n<\/div><figcaption class=\"wp-element-caption\">Le Journ&rsquo;Alpes, \u00e9dition du 8 juin 2025<\/figcaption><\/figure>\n\n\n\n<figure class=\"wp-block-embed is-type-video is-provider-youtube wp-block-embed-youtube wp-embed-aspect-16-9 wp-has-aspect-ratio\"><div class=\"wp-block-embed__wrapper\">\n<iframe loading=\"lazy\" title=\"Le Journ&amp;apos;Alpes, l&amp;apos;info ind\u00e9pendante et locale -18 mai 2025\" width=\"500\" height=\"281\" src=\"https:\/\/www.youtube.com\/embed\/mhultBtYoio?feature=oembed\" frameborder=\"0\" allow=\"accelerometer; autoplay; clipboard-write; encrypted-media; gyroscope; picture-in-picture; web-share\" referrerpolicy=\"strict-origin-when-cross-origin\" allowfullscreen><\/iframe>\n<\/div><figcaption class=\"wp-element-caption\">Le Journ&rsquo;Alpes, \u00e9dition du 18 mai 2025<\/figcaption><\/figure>\n\n\n\n<figure class=\"wp-block-embed is-type-video is-provider-youtube wp-block-embed-youtube wp-embed-aspect-16-9 wp-has-aspect-ratio\"><div class=\"wp-block-embed__wrapper\">\n<iframe loading=\"lazy\" title=\"Le Journ&amp;apos;Alpes, l&amp;apos;info ind\u00e9pendante et locale - 27 avril 2025\" width=\"500\" height=\"281\" src=\"https:\/\/www.youtube.com\/embed\/q_v_pFO6M04?feature=oembed\" frameborder=\"0\" allow=\"accelerometer; autoplay; clipboard-write; encrypted-media; gyroscope; picture-in-picture; web-share\" referrerpolicy=\"strict-origin-when-cross-origin\" allowfullscreen><\/iframe>\n<\/div><figcaption class=\"wp-element-caption\">Le Journ&rsquo;Alpes, \u00e9dition du 27 avril 2025<\/figcaption><\/figure>\n\n\n\n<figure class=\"wp-block-embed is-type-video is-provider-youtube wp-block-embed-youtube wp-embed-aspect-16-9 wp-has-aspect-ratio\"><div class=\"wp-block-embed__wrapper\">\n<iframe loading=\"lazy\" title=\"LE JOURNALPES, l&amp;apos;info ind\u00e9pendante et locale - 6 avril 2025\" width=\"500\" height=\"281\" src=\"https:\/\/www.youtube.com\/embed\/QNCuu_0yQ_Y?feature=oembed\" frameborder=\"0\" allow=\"accelerometer; autoplay; clipboard-write; encrypted-media; gyroscope; picture-in-picture; web-share\" referrerpolicy=\"strict-origin-when-cross-origin\" allowfullscreen><\/iframe>\n<\/div><figcaption class=\"wp-element-caption\">Le Journ&rsquo;Alpes, \u00e9dition du 6 avril 2025<\/figcaption><\/figure>\n\n\n\n<figure class=\"wp-block-embed is-type-video is-provider-youtube wp-block-embed-youtube wp-embed-aspect-16-9 wp-has-aspect-ratio\"><div class=\"wp-block-embed__wrapper\">\n<iframe loading=\"lazy\" title=\"Teaser pour le Journ&amp;apos;Alpes, cr\u00e9\u00e9 en avril 2025\" width=\"500\" height=\"281\" src=\"https:\/\/www.youtube.com\/embed\/VbJsPFRcsUg?feature=oembed\" frameborder=\"0\" allow=\"accelerometer; autoplay; clipboard-write; encrypted-media; gyroscope; picture-in-picture; web-share\" referrerpolicy=\"strict-origin-when-cross-origin\" allowfullscreen><\/iframe>\n<\/div><\/figure>\n\n\n\n<p class=\"wp-block-paragraph\"><\/p>\n","protected":false},"excerpt":{"rendered":"<p>Les \u00e9ditions pr\u00e9c\u00e9dentes :<\/p>\n","protected":false},"author":1,"featured_media":0,"parent":0,"menu_order":1,"comment_status":"closed","ping_status":"closed","template":"","meta":{"footnotes":""},"class_list":["post-18","page","type-page","status-publish","hentry"],"_links":{"self":[{"href":"https:\/\/lejournalpes.fr\/index.php\/wp-json\/wp\/v2\/pages\/18","targetHints":{"allow":["GET"]}}],"collection":[{"href":"https:\/\/lejournalpes.fr\/index.php\/wp-json\/wp\/v2\/pages"}],"about":[{"href":"https:\/\/lejournalpes.fr\/index.php\/wp-json\/wp\/v2\/types\/page"}],"author":[{"embeddable":true,"href":"https:\/\/lejournalpes.fr\/index.php\/wp-json\/wp\/v2\/users\/1"}],"replies":[{"embeddable":true,"href":"https:\/\/lejournalpes.fr\/index.php\/wp-json\/wp\/v2\/comments?post=18"}],"version-history":[{"count":32,"href":"https:\/\/lejournalpes.fr\/index.php\/wp-json\/wp\/v2\/pages\/18\/revisions"}],"predecessor-version":[{"id":235,"href":"https:\/\/lejournalpes.fr\/index.php\/wp-json\/wp\/v2\/pages\/18\/revisions\/235"}],"wp:attachment":[{"href":"https:\/\/lejournalpes.fr\/index.php\/wp-json\/wp\/v2\/media?parent=18"}],"curies":[{"name":"wp","href":"https:\/\/api.w.org\/{rel}","templated":true}]}}